{"id":1006192,"date":"2026-02-22T16:58:32","date_gmt":"2026-02-22T15:58:32","guid":{"rendered":"https:\/\/odigo.com\/person\/marie-verchere-2\/"},"modified":"2026-03-20T11:30:38","modified_gmt":"2026-03-20T10:30:38","slug":"marie-verchere-2","status":"publish","type":"person","link":"https:\/\/odigo.com\/es\/person\/marie-verchere-2\/","title":{"rendered":"Marie Verch\u00e8re"},"content":{"rendered":"<p>Cada experiencia profesional te permite forjar convicciones y enriquecerte. Tras 4 a\u00f1os en fusiones y adquisiciones, tuve claro que una empresa pod\u00eda mejorar si ten\u00eda una visi\u00f3n impulsada por las cifras. <\/p>\n<p>Apliqu\u00e9 esta idea al mundo de las relaciones con los clientes, que nunca abandon\u00e9 durante mis a\u00f1os en Prosodie. Tambi\u00e9n a\u00f1ad\u00ed otra dimensi\u00f3n, la tecnolog\u00eda. <\/p>\n<p>Esta visi\u00f3n podr\u00eda basarse en soluciones como el encaminamiento inteligente y el lenguaje natural para lograr su objetivo. As\u00ed es como llegu\u00e9 a trabajar con empresas en estudios de oportunidad y ROI. <\/p>\n<p>Despu\u00e9s me incorpor\u00e9 a Capgemini Consulting, que m\u00e1s tarde se convirti\u00f3 en Capgemini Invent, donde trabaj\u00e9 durante m\u00e1s de 5 a\u00f1os con el negocio de relaciones con los clientes, estableciendo modelos de negocio de Back-Office, enmarcando despliegues de chatbot y definiendo modelos de servicio diferenciados&#8230;<\/p>\n<p>A partir de ahora, ayudar\u00e9 a mejorar continuamente la experiencia de nuestros clientes.<\/p>\n<p>Actualmente estoy a cargo de la unidad de consultor\u00eda de Odigo, y utilizo mi experiencia para ofrecer una experiencia al cliente eficiente, de alta calidad y humana.<\/p>\n","protected":false},"author":1,"featured_media":1006153,"menu_order":89,"template":"","meta":{"_acf_changed":false,"person_position":"","person_company":"","footnotes":""},"tags":[],"person-type":[],"topic":[],"class_list":["post-1006192","person","type-person","status-publish","has-post-thumbnail","hentry"],"acf":{"photo_intervenant":null,"person-position":"","person-company":"","person_biography":"","custom-url":"","linkedin-url":"","twitter-url":""},"yoast_head":"<!-- This site is optimized with the Yoast SEO plugin v27.5 - https:\/\/yoast.com\/product\/yoast-seo-wordpress\/ -->\n<title>Marie Verch\u00e8re - Odigo<\/title>\n<meta name=\"robots\" content=\"noindex, follow\" \/>\n<meta property=\"og:locale\" content=\"es_ES\" \/>\n<meta property=\"og:type\" content=\"article\" \/>\n<meta property=\"og:title\" content=\"Marie Verch\u00e8re - Odigo\" \/>\n<meta property=\"og:description\" content=\"Cada experiencia profesional te permite forjar convicciones y enriquecerte. Tras 4 a\u00f1os en fusiones y adquisiciones, tuve claro que una empresa pod\u00eda mejorar si ten\u00eda una visi\u00f3n impulsada por las cifras. Apliqu\u00e9 esta idea al mundo de las relaciones con los clientes, que nunca abandon\u00e9 durante mis a\u00f1os en Prosodie. Tambi\u00e9n a\u00f1ad\u00ed otra dimensi\u00f3n, la [&hellip;]\" \/>\n<meta property=\"og:url\" content=\"https:\/\/odigo.com\/es\/person\/marie-verchere-2\/\" \/>\n<meta property=\"og:site_name\" content=\"Odigo\" \/>\n<meta property=\"article:modified_time\" content=\"2026-03-20T10:30:38+00:00\" \/>\n<meta property=\"og:image\" content=\"https:\/\/odigo.com\/wp-content\/uploads\/2021\/04\/2021-04-29_Odigo-v2_People-photos_Marie-Vechere_500x500px_Opt1_v1_MAK-1.jpg\" \/>\n\t<meta property=\"og:image:width\" content=\"500\" \/>\n\t<meta property=\"og:image:height\" content=\"500\" \/>\n\t<meta property=\"og:image:type\" content=\"image\/jpeg\" \/>\n<meta name=\"twitter:card\" content=\"summary_large_image\" \/>\n<meta name=\"twitter:label1\" content=\"Tiempo de lectura\" \/>\n\t<meta name=\"twitter:data1\" content=\"1 minuto\" \/>\n<script type=\"application\/ld+json\" class=\"yoast-schema-graph\">{\"@context\":\"https:\\\/\\\/schema.org\",\"@graph\":[{\"@type\":\"WebPage\",\"@id\":\"https:\\\/\\\/odigo.com\\\/es\\\/person\\\/marie-verchere-2\\\/\",\"url\":\"https:\\\/\\\/odigo.com\\\/es\\\/person\\\/marie-verchere-2\\\/\",\"name\":\"Marie Verch\u00e8re - Odigo\",\"isPartOf\":{\"@id\":\"https:\\\/\\\/odigo.com\\\/es\\\/#website\"},\"primaryImageOfPage\":{\"@id\":\"https:\\\/\\\/odigo.com\\\/es\\\/person\\\/marie-verchere-2\\\/#primaryimage\"},\"image\":{\"@id\":\"https:\\\/\\\/odigo.com\\\/es\\\/person\\\/marie-verchere-2\\\/#primaryimage\"},\"thumbnailUrl\":\"https:\\\/\\\/odigo.com\\\/wp-content\\\/uploads\\\/2021\\\/04\\\/2021-04-29_Odigo-v2_People-photos_Marie-Vechere_500x500px_Opt1_v1_MAK-1.jpg\",\"datePublished\":\"2026-02-22T15:58:32+00:00\",\"dateModified\":\"2026-03-20T10:30:38+00:00\",\"breadcrumb\":{\"@id\":\"https:\\\/\\\/odigo.com\\\/es\\\/person\\\/marie-verchere-2\\\/#breadcrumb\"},\"inLanguage\":\"es\",\"potentialAction\":[{\"@type\":\"ReadAction\",\"target\":[\"https:\\\/\\\/odigo.com\\\/es\\\/person\\\/marie-verchere-2\\\/\"]}]},{\"@type\":\"ImageObject\",\"inLanguage\":\"es\",\"@id\":\"https:\\\/\\\/odigo.com\\\/es\\\/person\\\/marie-verchere-2\\\/#primaryimage\",\"url\":\"https:\\\/\\\/odigo.com\\\/wp-content\\\/uploads\\\/2021\\\/04\\\/2021-04-29_Odigo-v2_People-photos_Marie-Vechere_500x500px_Opt1_v1_MAK-1.jpg\",\"contentUrl\":\"https:\\\/\\\/odigo.com\\\/wp-content\\\/uploads\\\/2021\\\/04\\\/2021-04-29_Odigo-v2_People-photos_Marie-Vechere_500x500px_Opt1_v1_MAK-1.jpg\",\"width\":500,\"height\":500},{\"@type\":\"BreadcrumbList\",\"@id\":\"https:\\\/\\\/odigo.com\\\/es\\\/person\\\/marie-verchere-2\\\/#breadcrumb\",\"itemListElement\":[{\"@type\":\"ListItem\",\"position\":1,\"name\":\"Accueil\",\"item\":\"https:\\\/\\\/odigo.com\\\/es\\\/inicio\\\/\"},{\"@type\":\"ListItem\",\"position\":2,\"name\":\"Marie Verch\u00e8re\"}]},{\"@type\":\"WebSite\",\"@id\":\"https:\\\/\\\/odigo.com\\\/es\\\/#website\",\"url\":\"https:\\\/\\\/odigo.com\\\/es\\\/\",\"name\":\"Odigo\",\"description\":\"\",\"publisher\":{\"@id\":\"https:\\\/\\\/odigo.com\\\/es\\\/#organization\"},\"potentialAction\":[{\"@type\":\"SearchAction\",\"target\":{\"@type\":\"EntryPoint\",\"urlTemplate\":\"https:\\\/\\\/odigo.com\\\/es\\\/?s={search_term_string}\"},\"query-input\":{\"@type\":\"PropertyValueSpecification\",\"valueRequired\":true,\"valueName\":\"search_term_string\"}}],\"inLanguage\":\"es\"},{\"@type\":\"Organization\",\"@id\":\"https:\\\/\\\/odigo.com\\\/es\\\/#organization\",\"name\":\"Odigo\",\"url\":\"https:\\\/\\\/odigo.com\\\/es\\\/\",\"logo\":{\"@type\":\"ImageObject\",\"inLanguage\":\"es\",\"@id\":\"https:\\\/\\\/odigo.com\\\/es\\\/#\\\/schema\\\/logo\\\/image\\\/\",\"url\":\"https:\\\/\\\/odigo.com\\\/wp-content\\\/uploads\\\/2026\\\/03\\\/logo-odigo.svg\",\"contentUrl\":\"https:\\\/\\\/odigo.com\\\/wp-content\\\/uploads\\\/2026\\\/03\\\/logo-odigo.svg\",\"caption\":\"Odigo\"},\"image\":{\"@id\":\"https:\\\/\\\/odigo.com\\\/es\\\/#\\\/schema\\\/logo\\\/image\\\/\"}}]}<\/script>\n<!-- \/ Yoast SEO plugin. -->","yoast_head_json":{"title":"Marie Verch\u00e8re - Odigo","robots":{"index":"noindex","follow":"follow"},"og_locale":"es_ES","og_type":"article","og_title":"Marie Verch\u00e8re - Odigo","og_description":"Cada experiencia profesional te permite forjar convicciones y enriquecerte. Tras 4 a\u00f1os en fusiones y adquisiciones, tuve claro que una empresa pod\u00eda mejorar si ten\u00eda una visi\u00f3n impulsada por las cifras. Apliqu\u00e9 esta idea al mundo de las relaciones con los clientes, que nunca abandon\u00e9 durante mis a\u00f1os en Prosodie. Tambi\u00e9n a\u00f1ad\u00ed otra dimensi\u00f3n, la [&hellip;]","og_url":"https:\/\/odigo.com\/es\/person\/marie-verchere-2\/","og_site_name":"Odigo","article_modified_time":"2026-03-20T10:30:38+00:00","og_image":[{"width":500,"height":500,"url":"https:\/\/odigo.com\/wp-content\/uploads\/2021\/04\/2021-04-29_Odigo-v2_People-photos_Marie-Vechere_500x500px_Opt1_v1_MAK-1.jpg","type":"image\/jpeg"}],"twitter_card":"summary_large_image","twitter_misc":{"Tiempo de lectura":"1 minuto"},"schema":{"@context":"https:\/\/schema.org","@graph":[{"@type":"WebPage","@id":"https:\/\/odigo.com\/es\/person\/marie-verchere-2\/","url":"https:\/\/odigo.com\/es\/person\/marie-verchere-2\/","name":"Marie Verch\u00e8re - Odigo","isPartOf":{"@id":"https:\/\/odigo.com\/es\/#website"},"primaryImageOfPage":{"@id":"https:\/\/odigo.com\/es\/person\/marie-verchere-2\/#primaryimage"},"image":{"@id":"https:\/\/odigo.com\/es\/person\/marie-verchere-2\/#primaryimage"},"thumbnailUrl":"https:\/\/odigo.com\/wp-content\/uploads\/2021\/04\/2021-04-29_Odigo-v2_People-photos_Marie-Vechere_500x500px_Opt1_v1_MAK-1.jpg","datePublished":"2026-02-22T15:58:32+00:00","dateModified":"2026-03-20T10:30:38+00:00","breadcrumb":{"@id":"https:\/\/odigo.com\/es\/person\/marie-verchere-2\/#breadcrumb"},"inLanguage":"es","potentialAction":[{"@type":"ReadAction","target":["https:\/\/odigo.com\/es\/person\/marie-verchere-2\/"]}]},{"@type":"ImageObject","inLanguage":"es","@id":"https:\/\/odigo.com\/es\/person\/marie-verchere-2\/#primaryimage","url":"https:\/\/odigo.com\/wp-content\/uploads\/2021\/04\/2021-04-29_Odigo-v2_People-photos_Marie-Vechere_500x500px_Opt1_v1_MAK-1.jpg","contentUrl":"https:\/\/odigo.com\/wp-content\/uploads\/2021\/04\/2021-04-29_Odigo-v2_People-photos_Marie-Vechere_500x500px_Opt1_v1_MAK-1.jpg","width":500,"height":500},{"@type":"BreadcrumbList","@id":"https:\/\/odigo.com\/es\/person\/marie-verchere-2\/#breadcrumb","itemListElement":[{"@type":"ListItem","position":1,"name":"Accueil","item":"https:\/\/odigo.com\/es\/inicio\/"},{"@type":"ListItem","position":2,"name":"Marie Verch\u00e8re"}]},{"@type":"WebSite","@id":"https:\/\/odigo.com\/es\/#website","url":"https:\/\/odigo.com\/es\/","name":"Odigo","description":"","publisher":{"@id":"https:\/\/odigo.com\/es\/#organization"},"potentialAction":[{"@type":"SearchAction","target":{"@type":"EntryPoint","urlTemplate":"https:\/\/odigo.com\/es\/?s={search_term_string}"},"query-input":{"@type":"PropertyValueSpecification","valueRequired":true,"valueName":"search_term_string"}}],"inLanguage":"es"},{"@type":"Organization","@id":"https:\/\/odigo.com\/es\/#organization","name":"Odigo","url":"https:\/\/odigo.com\/es\/","logo":{"@type":"ImageObject","inLanguage":"es","@id":"https:\/\/odigo.com\/es\/#\/schema\/logo\/image\/","url":"https:\/\/odigo.com\/wp-content\/uploads\/2026\/03\/logo-odigo.svg","contentUrl":"https:\/\/odigo.com\/wp-content\/uploads\/2026\/03\/logo-odigo.svg","caption":"Odigo"},"image":{"@id":"https:\/\/odigo.com\/es\/#\/schema\/logo\/image\/"}}]}},"_links":{"self":[{"href":"https:\/\/odigo.com\/es\/wp-json\/wp\/v2\/person\/1006192","targetHints":{"allow":["GET"]}}],"collection":[{"href":"https:\/\/odigo.com\/es\/wp-json\/wp\/v2\/person"}],"about":[{"href":"https:\/\/odigo.com\/es\/wp-json\/wp\/v2\/types\/person"}],"author":[{"embeddable":true,"href":"https:\/\/odigo.com\/es\/wp-json\/wp\/v2\/users\/1"}],"version-history":[{"count":1,"href":"https:\/\/odigo.com\/es\/wp-json\/wp\/v2\/person\/1006192\/revisions"}],"predecessor-version":[{"id":1007712,"href":"https:\/\/odigo.com\/es\/wp-json\/wp\/v2\/person\/1006192\/revisions\/1007712"}],"wp:featuredmedia":[{"embeddable":true,"href":"https:\/\/odigo.com\/es\/wp-json\/wp\/v2\/media\/1006153"}],"wp:attachment":[{"href":"https:\/\/odigo.com\/es\/wp-json\/wp\/v2\/media?parent=1006192"}],"wp:term":[{"taxonomy":"post_tag","embeddable":true,"href":"https:\/\/odigo.com\/es\/wp-json\/wp\/v2\/tags?post=1006192"},{"taxonomy":"person-type","embeddable":true,"href":"https:\/\/odigo.com\/es\/wp-json\/wp\/v2\/person-type?post=1006192"},{"taxonomy":"topic","embeddable":true,"href":"https:\/\/odigo.com\/es\/wp-json\/wp\/v2\/topic?post=1006192"}],"curies":[{"name":"wp","href":"https:\/\/api.w.org\/{rel}","templated":true}]}}