{"id":195843,"date":"2026-02-22T16:58:32","date_gmt":"2026-02-22T15:58:32","guid":{"rendered":"https:\/\/www.odigo.com\/fr-fr\/?post_type=person&#038;p=7910"},"modified":"2026-02-22T16:58:32","modified_gmt":"2026-02-22T15:58:32","slug":"angelique-gerard","status":"publish","type":"person","link":"https:\/\/odigo.com\/fr\/person\/angelique-gerard\/","title":{"rendered":"Ang\u00e9lique G\u00e9rard"},"content":{"rendered":"<p>Dipl\u00f4m\u00e9e de l\u2019INSEAD, Ang\u00e9lique est Directrice de la Relation Abonn\u00e9 et membre du comit\u00e9 ex\u00e9cutif du Groupe ILIAD (Free et Free Mobile), mais aussi PDG de plusieurs filiales du groupe. Conf\u00e9renci\u00e8re et business angel, elle tr\u00e8s impliqu\u00e9e dans le suivi des entrepreneurs qu\u2019elle accompagne. Auteure de \u00ab Pour la fin du sexisme \u2013 Le F\u00e9minisme \u00e0 l\u2019\u00e8re post #Metoo \u00bb et \u00ab L\u2019exp\u00e9rience client, une histoire d\u2019\u00e9motions \u00bb aux \u00e9ditions Eyrolles, elle a \u00e9t\u00e9 identifi\u00e9e en juillet 2020 par Forbes comme l&rsquo;une des 40 femmes fran\u00e7aises inspirantes.<\/p>\n","protected":false},"author":1,"featured_media":196630,"menu_order":15,"template":"","meta":{"_acf_changed":false,"person_position":"Directrice de la Relation Abonn\u00e9","person_company":"Groupe ILIADE","footnotes":""},"tags":[],"person-type":[],"topic":[],"class_list":["post-195843","person","type-person","status-publish","has-post-thumbnail","hentry"],"acf":{"photo_intervenant":null,"person-position":"","person-company":"","person_biography":"","custom-url":"","linkedin-url":"","twitter-url":""},"yoast_head":"<!-- This site is optimized with the Yoast SEO plugin v27.5 - https:\/\/yoast.com\/product\/yoast-seo-wordpress\/ -->\n<title>Ang\u00e9lique G\u00e9rard - Odigo<\/title>\n<meta name=\"robots\" content=\"noindex, follow\" \/>\n<meta property=\"og:locale\" content=\"fr_FR\" \/>\n<meta property=\"og:type\" content=\"article\" \/>\n<meta property=\"og:title\" content=\"Ang\u00e9lique G\u00e9rard - Odigo\" \/>\n<meta property=\"og:description\" content=\"Dipl\u00f4m\u00e9e de l\u2019INSEAD, Ang\u00e9lique est Directrice de la Relation Abonn\u00e9 et membre du comit\u00e9 ex\u00e9cutif du Groupe ILIAD (Free et Free Mobile), mais aussi PDG de plusieurs filiales du groupe. Conf\u00e9renci\u00e8re et business angel, elle tr\u00e8s impliqu\u00e9e dans le suivi des entrepreneurs qu\u2019elle accompagne. Auteure de \u00ab Pour la fin du sexisme \u2013 Le F\u00e9minisme [&hellip;]\" \/>\n<meta property=\"og:url\" content=\"https:\/\/odigo.com\/fr\/person\/angelique-gerard\/\" \/>\n<meta property=\"og:site_name\" content=\"Odigo\" \/>\n<meta property=\"og:image\" content=\"https:\/\/odigo.com\/wp-content\/uploads\/2021\/08\/Angelique-Gerard-01.png\" \/>\n\t<meta property=\"og:image:width\" content=\"200\" \/>\n\t<meta property=\"og:image:height\" content=\"200\" \/>\n\t<meta property=\"og:image:type\" content=\"image\/png\" \/>\n<meta name=\"twitter:card\" content=\"summary_large_image\" \/>\n<meta name=\"twitter:label1\" content=\"Dur\u00e9e de lecture estim\u00e9e\" \/>\n\t<meta name=\"twitter:data1\" content=\"1 minute\" \/>\n<script type=\"application\/ld+json\" class=\"yoast-schema-graph\">{\"@context\":\"https:\\\/\\\/schema.org\",\"@graph\":[{\"@type\":\"WebPage\",\"@id\":\"https:\\\/\\\/odigo.com\\\/fr\\\/person\\\/angelique-gerard\\\/\",\"url\":\"https:\\\/\\\/odigo.com\\\/fr\\\/person\\\/angelique-gerard\\\/\",\"name\":\"Ang\u00e9lique G\u00e9rard - Odigo\",\"isPartOf\":{\"@id\":\"https:\\\/\\\/odigo.com\\\/fr\\\/#website\"},\"primaryImageOfPage\":{\"@id\":\"https:\\\/\\\/odigo.com\\\/fr\\\/person\\\/angelique-gerard\\\/#primaryimage\"},\"image\":{\"@id\":\"https:\\\/\\\/odigo.com\\\/fr\\\/person\\\/angelique-gerard\\\/#primaryimage\"},\"thumbnailUrl\":\"https:\\\/\\\/odigo.com\\\/wp-content\\\/uploads\\\/2021\\\/08\\\/Angelique-Gerard-01.png\",\"datePublished\":\"2026-02-22T15:58:32+00:00\",\"breadcrumb\":{\"@id\":\"https:\\\/\\\/odigo.com\\\/fr\\\/person\\\/angelique-gerard\\\/#breadcrumb\"},\"inLanguage\":\"fr-FR\",\"potentialAction\":[{\"@type\":\"ReadAction\",\"target\":[\"https:\\\/\\\/odigo.com\\\/fr\\\/person\\\/angelique-gerard\\\/\"]}]},{\"@type\":\"ImageObject\",\"inLanguage\":\"fr-FR\",\"@id\":\"https:\\\/\\\/odigo.com\\\/fr\\\/person\\\/angelique-gerard\\\/#primaryimage\",\"url\":\"https:\\\/\\\/odigo.com\\\/wp-content\\\/uploads\\\/2021\\\/08\\\/Angelique-Gerard-01.png\",\"contentUrl\":\"https:\\\/\\\/odigo.com\\\/wp-content\\\/uploads\\\/2021\\\/08\\\/Angelique-Gerard-01.png\",\"width\":200,\"height\":200},{\"@type\":\"BreadcrumbList\",\"@id\":\"https:\\\/\\\/odigo.com\\\/fr\\\/person\\\/angelique-gerard\\\/#breadcrumb\",\"itemListElement\":[{\"@type\":\"ListItem\",\"position\":1,\"name\":\"Accueil\",\"item\":\"https:\\\/\\\/odigo.com\\\/fr\\\/\"},{\"@type\":\"ListItem\",\"position\":2,\"name\":\"Ang\u00e9lique G\u00e9rard\"}]},{\"@type\":\"WebSite\",\"@id\":\"https:\\\/\\\/odigo.com\\\/fr\\\/#website\",\"url\":\"https:\\\/\\\/odigo.com\\\/fr\\\/\",\"name\":\"Odigo\",\"description\":\"\",\"publisher\":{\"@id\":\"https:\\\/\\\/odigo.com\\\/fr\\\/#organization\"},\"potentialAction\":[{\"@type\":\"SearchAction\",\"target\":{\"@type\":\"EntryPoint\",\"urlTemplate\":\"https:\\\/\\\/odigo.com\\\/fr\\\/?s={search_term_string}\"},\"query-input\":{\"@type\":\"PropertyValueSpecification\",\"valueRequired\":true,\"valueName\":\"search_term_string\"}}],\"inLanguage\":\"fr-FR\"},{\"@type\":\"Organization\",\"@id\":\"https:\\\/\\\/odigo.com\\\/fr\\\/#organization\",\"name\":\"Odigo\",\"url\":\"https:\\\/\\\/odigo.com\\\/fr\\\/\",\"logo\":{\"@type\":\"ImageObject\",\"inLanguage\":\"fr-FR\",\"@id\":\"https:\\\/\\\/odigo.com\\\/fr\\\/#\\\/schema\\\/logo\\\/image\\\/\",\"url\":\"https:\\\/\\\/odigo.com\\\/wp-content\\\/uploads\\\/2026\\\/03\\\/logo-odigo.svg\",\"contentUrl\":\"https:\\\/\\\/odigo.com\\\/wp-content\\\/uploads\\\/2026\\\/03\\\/logo-odigo.svg\",\"width\":142,\"height\":63,\"caption\":\"Odigo\"},\"image\":{\"@id\":\"https:\\\/\\\/odigo.com\\\/fr\\\/#\\\/schema\\\/logo\\\/image\\\/\"}}]}<\/script>\n<!-- \/ Yoast SEO plugin. -->","yoast_head_json":{"title":"Ang\u00e9lique G\u00e9rard - Odigo","robots":{"index":"noindex","follow":"follow"},"og_locale":"fr_FR","og_type":"article","og_title":"Ang\u00e9lique G\u00e9rard - Odigo","og_description":"Dipl\u00f4m\u00e9e de l\u2019INSEAD, Ang\u00e9lique est Directrice de la Relation Abonn\u00e9 et membre du comit\u00e9 ex\u00e9cutif du Groupe ILIAD (Free et Free Mobile), mais aussi PDG de plusieurs filiales du groupe. Conf\u00e9renci\u00e8re et business angel, elle tr\u00e8s impliqu\u00e9e dans le suivi des entrepreneurs qu\u2019elle accompagne. Auteure de \u00ab Pour la fin du sexisme \u2013 Le F\u00e9minisme [&hellip;]","og_url":"https:\/\/odigo.com\/fr\/person\/angelique-gerard\/","og_site_name":"Odigo","og_image":[{"width":200,"height":200,"url":"https:\/\/odigo.com\/wp-content\/uploads\/2021\/08\/Angelique-Gerard-01.png","type":"image\/png"}],"twitter_card":"summary_large_image","twitter_misc":{"Dur\u00e9e de lecture estim\u00e9e":"1 minute"},"schema":{"@context":"https:\/\/schema.org","@graph":[{"@type":"WebPage","@id":"https:\/\/odigo.com\/fr\/person\/angelique-gerard\/","url":"https:\/\/odigo.com\/fr\/person\/angelique-gerard\/","name":"Ang\u00e9lique G\u00e9rard - Odigo","isPartOf":{"@id":"https:\/\/odigo.com\/fr\/#website"},"primaryImageOfPage":{"@id":"https:\/\/odigo.com\/fr\/person\/angelique-gerard\/#primaryimage"},"image":{"@id":"https:\/\/odigo.com\/fr\/person\/angelique-gerard\/#primaryimage"},"thumbnailUrl":"https:\/\/odigo.com\/wp-content\/uploads\/2021\/08\/Angelique-Gerard-01.png","datePublished":"2026-02-22T15:58:32+00:00","breadcrumb":{"@id":"https:\/\/odigo.com\/fr\/person\/angelique-gerard\/#breadcrumb"},"inLanguage":"fr-FR","potentialAction":[{"@type":"ReadAction","target":["https:\/\/odigo.com\/fr\/person\/angelique-gerard\/"]}]},{"@type":"ImageObject","inLanguage":"fr-FR","@id":"https:\/\/odigo.com\/fr\/person\/angelique-gerard\/#primaryimage","url":"https:\/\/odigo.com\/wp-content\/uploads\/2021\/08\/Angelique-Gerard-01.png","contentUrl":"https:\/\/odigo.com\/wp-content\/uploads\/2021\/08\/Angelique-Gerard-01.png","width":200,"height":200},{"@type":"BreadcrumbList","@id":"https:\/\/odigo.com\/fr\/person\/angelique-gerard\/#breadcrumb","itemListElement":[{"@type":"ListItem","position":1,"name":"Accueil","item":"https:\/\/odigo.com\/fr\/"},{"@type":"ListItem","position":2,"name":"Ang\u00e9lique G\u00e9rard"}]},{"@type":"WebSite","@id":"https:\/\/odigo.com\/fr\/#website","url":"https:\/\/odigo.com\/fr\/","name":"Odigo","description":"","publisher":{"@id":"https:\/\/odigo.com\/fr\/#organization"},"potentialAction":[{"@type":"SearchAction","target":{"@type":"EntryPoint","urlTemplate":"https:\/\/odigo.com\/fr\/?s={search_term_string}"},"query-input":{"@type":"PropertyValueSpecification","valueRequired":true,"valueName":"search_term_string"}}],"inLanguage":"fr-FR"},{"@type":"Organization","@id":"https:\/\/odigo.com\/fr\/#organization","name":"Odigo","url":"https:\/\/odigo.com\/fr\/","logo":{"@type":"ImageObject","inLanguage":"fr-FR","@id":"https:\/\/odigo.com\/fr\/#\/schema\/logo\/image\/","url":"https:\/\/odigo.com\/wp-content\/uploads\/2026\/03\/logo-odigo.svg","contentUrl":"https:\/\/odigo.com\/wp-content\/uploads\/2026\/03\/logo-odigo.svg","width":142,"height":63,"caption":"Odigo"},"image":{"@id":"https:\/\/odigo.com\/fr\/#\/schema\/logo\/image\/"}}]}},"_links":{"self":[{"href":"https:\/\/odigo.com\/fr\/wp-json\/wp\/v2\/person\/195843","targetHints":{"allow":["GET"]}}],"collection":[{"href":"https:\/\/odigo.com\/fr\/wp-json\/wp\/v2\/person"}],"about":[{"href":"https:\/\/odigo.com\/fr\/wp-json\/wp\/v2\/types\/person"}],"author":[{"embeddable":true,"href":"https:\/\/odigo.com\/fr\/wp-json\/wp\/v2\/users\/1"}],"version-history":[{"count":1,"href":"https:\/\/odigo.com\/fr\/wp-json\/wp\/v2\/person\/195843\/revisions"}],"predecessor-version":[{"id":196859,"href":"https:\/\/odigo.com\/fr\/wp-json\/wp\/v2\/person\/195843\/revisions\/196859"}],"wp:featuredmedia":[{"embeddable":true,"href":"https:\/\/odigo.com\/fr\/wp-json\/wp\/v2\/media\/196630"}],"wp:attachment":[{"href":"https:\/\/odigo.com\/fr\/wp-json\/wp\/v2\/media?parent=195843"}],"wp:term":[{"taxonomy":"post_tag","embeddable":true,"href":"https:\/\/odigo.com\/fr\/wp-json\/wp\/v2\/tags?post=195843"},{"taxonomy":"person-type","embeddable":true,"href":"https:\/\/odigo.com\/fr\/wp-json\/wp\/v2\/person-type?post=195843"},{"taxonomy":"topic","embeddable":true,"href":"https:\/\/odigo.com\/fr\/wp-json\/wp\/v2\/topic?post=195843"}],"curies":[{"name":"wp","href":"https:\/\/api.w.org\/{rel}","templated":true}]}}