{"id":7883,"date":"2026-02-22T16:58:33","date_gmt":"2026-02-22T15:58:33","guid":{"rendered":"https:\/\/www.odigo.com\/fr-fr\/?post_type=person&#038;p=7883"},"modified":"2026-02-22T16:58:33","modified_gmt":"2026-02-22T15:58:33","slug":"dounia-el-guasmi","status":"publish","type":"person","link":"https:\/\/odigo.com\/fr\/person\/dounia-el-guasmi\/","title":{"rendered":"Dounia El Guasmi"},"content":{"rendered":"<p>Ancienne \u00e9l\u00e8ve de Sciences Po Rennes et de l\u2019En3s, Dounia El Guasmi a occup\u00e9 plusieurs fonctions au sein de la S\u00e9curit\u00e9 sociale, au niveau local et national. Elle a \u00e9t\u00e9 Sous-directrice marketing et relation client au sein de la Caisse nationale de l\u2019Assurance Maladie (CNAM). En 2018, elle a rejoint la Caisse nationale d\u2019Assurance vieillesse (CNAV) comme Directrice d\u00e9veloppement et transformation RH, organisme charg\u00e9 \u00e0 la fois de coordonner le r\u00e9seau de l\u2019Assurance retraite et de g\u00e9rer directement les retraites en \u00cele-de-France (3600 salari\u00e9s pour 2,7 millions de retrait\u00e9s couverts). Aujourd\u2019hui, elle est tout particuli\u00e8rement impliqu\u00e9e sur le d\u00e9veloppement d\u2019offres de service RH adapt\u00e9es aux besoins des collaborateurs.<\/p>\n","protected":false},"author":1,"featured_media":196747,"menu_order":43,"template":"","meta":{"_acf_changed":false,"person_position":"Directrice d\u00e9veloppement et transformation RH","person_company":"CNAV","footnotes":""},"tags":[],"person-type":[],"topic":[],"class_list":["post-7883","person","type-person","status-publish","has-post-thumbnail","hentry"],"acf":{"photo_intervenant":null,"person-position":"","person-company":"","person_biography":"","custom-url":"","linkedin-url":"","twitter-url":""},"yoast_head":"<!-- This site is optimized with the Yoast SEO plugin v27.5 - https:\/\/yoast.com\/product\/yoast-seo-wordpress\/ -->\n<title>Dounia El Guasmi - Odigo<\/title>\n<meta name=\"robots\" content=\"noindex, follow\" \/>\n<meta property=\"og:locale\" content=\"fr_FR\" \/>\n<meta property=\"og:type\" content=\"article\" \/>\n<meta property=\"og:title\" content=\"Dounia El Guasmi - Odigo\" \/>\n<meta property=\"og:description\" content=\"Ancienne \u00e9l\u00e8ve de Sciences Po Rennes et de l\u2019En3s, Dounia El Guasmi a occup\u00e9 plusieurs fonctions au sein de la S\u00e9curit\u00e9 sociale, au niveau local et national. Elle a \u00e9t\u00e9 Sous-directrice marketing et relation client au sein de la Caisse nationale de l\u2019Assurance Maladie (CNAM). En 2018, elle a rejoint la Caisse nationale d\u2019Assurance vieillesse [&hellip;]\" \/>\n<meta property=\"og:url\" content=\"https:\/\/odigo.com\/fr\/person\/dounia-el-guasmi\/\" \/>\n<meta property=\"og:site_name\" content=\"Odigo\" \/>\n<meta property=\"og:image\" content=\"https:\/\/odigo.com\/wp-content\/uploads\/2021\/08\/2022-02-09_FR-The-talk_Speakers-photos_EP2-Dounia_El-Guasmi.jpg\" \/>\n\t<meta property=\"og:image:width\" content=\"300\" \/>\n\t<meta property=\"og:image:height\" content=\"300\" \/>\n\t<meta property=\"og:image:type\" content=\"image\/jpeg\" \/>\n<meta name=\"twitter:card\" content=\"summary_large_image\" \/>\n<meta name=\"twitter:label1\" content=\"Dur\u00e9e de lecture estim\u00e9e\" \/>\n\t<meta name=\"twitter:data1\" content=\"1 minute\" \/>\n<script type=\"application\/ld+json\" class=\"yoast-schema-graph\">{\"@context\":\"https:\\\/\\\/schema.org\",\"@graph\":[{\"@type\":\"WebPage\",\"@id\":\"https:\\\/\\\/odigo.com\\\/fr\\\/person\\\/dounia-el-guasmi\\\/\",\"url\":\"https:\\\/\\\/odigo.com\\\/fr\\\/person\\\/dounia-el-guasmi\\\/\",\"name\":\"Dounia El Guasmi - Odigo\",\"isPartOf\":{\"@id\":\"https:\\\/\\\/odigo.com\\\/fr\\\/#website\"},\"primaryImageOfPage\":{\"@id\":\"https:\\\/\\\/odigo.com\\\/fr\\\/person\\\/dounia-el-guasmi\\\/#primaryimage\"},\"image\":{\"@id\":\"https:\\\/\\\/odigo.com\\\/fr\\\/person\\\/dounia-el-guasmi\\\/#primaryimage\"},\"thumbnailUrl\":\"https:\\\/\\\/odigo.com\\\/wp-content\\\/uploads\\\/2021\\\/08\\\/2022-02-09_FR-The-talk_Speakers-photos_EP2-Dounia_El-Guasmi.jpg\",\"datePublished\":\"2026-02-22T15:58:33+00:00\",\"breadcrumb\":{\"@id\":\"https:\\\/\\\/odigo.com\\\/fr\\\/person\\\/dounia-el-guasmi\\\/#breadcrumb\"},\"inLanguage\":\"fr-FR\",\"potentialAction\":[{\"@type\":\"ReadAction\",\"target\":[\"https:\\\/\\\/odigo.com\\\/fr\\\/person\\\/dounia-el-guasmi\\\/\"]}]},{\"@type\":\"ImageObject\",\"inLanguage\":\"fr-FR\",\"@id\":\"https:\\\/\\\/odigo.com\\\/fr\\\/person\\\/dounia-el-guasmi\\\/#primaryimage\",\"url\":\"https:\\\/\\\/odigo.com\\\/wp-content\\\/uploads\\\/2021\\\/08\\\/2022-02-09_FR-The-talk_Speakers-photos_EP2-Dounia_El-Guasmi.jpg\",\"contentUrl\":\"https:\\\/\\\/odigo.com\\\/wp-content\\\/uploads\\\/2021\\\/08\\\/2022-02-09_FR-The-talk_Speakers-photos_EP2-Dounia_El-Guasmi.jpg\",\"width\":300,\"height\":300},{\"@type\":\"BreadcrumbList\",\"@id\":\"https:\\\/\\\/odigo.com\\\/fr\\\/person\\\/dounia-el-guasmi\\\/#breadcrumb\",\"itemListElement\":[{\"@type\":\"ListItem\",\"position\":1,\"name\":\"Accueil\",\"item\":\"https:\\\/\\\/odigo.com\\\/fr\\\/\"},{\"@type\":\"ListItem\",\"position\":2,\"name\":\"Dounia El Guasmi\"}]},{\"@type\":\"WebSite\",\"@id\":\"https:\\\/\\\/odigo.com\\\/fr\\\/#website\",\"url\":\"https:\\\/\\\/odigo.com\\\/fr\\\/\",\"name\":\"Odigo\",\"description\":\"\",\"publisher\":{\"@id\":\"https:\\\/\\\/odigo.com\\\/fr\\\/#organization\"},\"potentialAction\":[{\"@type\":\"SearchAction\",\"target\":{\"@type\":\"EntryPoint\",\"urlTemplate\":\"https:\\\/\\\/odigo.com\\\/fr\\\/?s={search_term_string}\"},\"query-input\":{\"@type\":\"PropertyValueSpecification\",\"valueRequired\":true,\"valueName\":\"search_term_string\"}}],\"inLanguage\":\"fr-FR\"},{\"@type\":\"Organization\",\"@id\":\"https:\\\/\\\/odigo.com\\\/fr\\\/#organization\",\"name\":\"Odigo\",\"url\":\"https:\\\/\\\/odigo.com\\\/fr\\\/\",\"logo\":{\"@type\":\"ImageObject\",\"inLanguage\":\"fr-FR\",\"@id\":\"https:\\\/\\\/odigo.com\\\/fr\\\/#\\\/schema\\\/logo\\\/image\\\/\",\"url\":\"https:\\\/\\\/odigo.com\\\/wp-content\\\/uploads\\\/2026\\\/03\\\/logo-odigo.svg\",\"contentUrl\":\"https:\\\/\\\/odigo.com\\\/wp-content\\\/uploads\\\/2026\\\/03\\\/logo-odigo.svg\",\"width\":142,\"height\":63,\"caption\":\"Odigo\"},\"image\":{\"@id\":\"https:\\\/\\\/odigo.com\\\/fr\\\/#\\\/schema\\\/logo\\\/image\\\/\"}}]}<\/script>\n<!-- \/ Yoast SEO plugin. -->","yoast_head_json":{"title":"Dounia El Guasmi - Odigo","robots":{"index":"noindex","follow":"follow"},"og_locale":"fr_FR","og_type":"article","og_title":"Dounia El Guasmi - Odigo","og_description":"Ancienne \u00e9l\u00e8ve de Sciences Po Rennes et de l\u2019En3s, Dounia El Guasmi a occup\u00e9 plusieurs fonctions au sein de la S\u00e9curit\u00e9 sociale, au niveau local et national. Elle a \u00e9t\u00e9 Sous-directrice marketing et relation client au sein de la Caisse nationale de l\u2019Assurance Maladie (CNAM). En 2018, elle a rejoint la Caisse nationale d\u2019Assurance vieillesse [&hellip;]","og_url":"https:\/\/odigo.com\/fr\/person\/dounia-el-guasmi\/","og_site_name":"Odigo","og_image":[{"width":300,"height":300,"url":"https:\/\/odigo.com\/wp-content\/uploads\/2021\/08\/2022-02-09_FR-The-talk_Speakers-photos_EP2-Dounia_El-Guasmi.jpg","type":"image\/jpeg"}],"twitter_card":"summary_large_image","twitter_misc":{"Dur\u00e9e de lecture estim\u00e9e":"1 minute"},"schema":{"@context":"https:\/\/schema.org","@graph":[{"@type":"WebPage","@id":"https:\/\/odigo.com\/fr\/person\/dounia-el-guasmi\/","url":"https:\/\/odigo.com\/fr\/person\/dounia-el-guasmi\/","name":"Dounia El Guasmi - Odigo","isPartOf":{"@id":"https:\/\/odigo.com\/fr\/#website"},"primaryImageOfPage":{"@id":"https:\/\/odigo.com\/fr\/person\/dounia-el-guasmi\/#primaryimage"},"image":{"@id":"https:\/\/odigo.com\/fr\/person\/dounia-el-guasmi\/#primaryimage"},"thumbnailUrl":"https:\/\/odigo.com\/wp-content\/uploads\/2021\/08\/2022-02-09_FR-The-talk_Speakers-photos_EP2-Dounia_El-Guasmi.jpg","datePublished":"2026-02-22T15:58:33+00:00","breadcrumb":{"@id":"https:\/\/odigo.com\/fr\/person\/dounia-el-guasmi\/#breadcrumb"},"inLanguage":"fr-FR","potentialAction":[{"@type":"ReadAction","target":["https:\/\/odigo.com\/fr\/person\/dounia-el-guasmi\/"]}]},{"@type":"ImageObject","inLanguage":"fr-FR","@id":"https:\/\/odigo.com\/fr\/person\/dounia-el-guasmi\/#primaryimage","url":"https:\/\/odigo.com\/wp-content\/uploads\/2021\/08\/2022-02-09_FR-The-talk_Speakers-photos_EP2-Dounia_El-Guasmi.jpg","contentUrl":"https:\/\/odigo.com\/wp-content\/uploads\/2021\/08\/2022-02-09_FR-The-talk_Speakers-photos_EP2-Dounia_El-Guasmi.jpg","width":300,"height":300},{"@type":"BreadcrumbList","@id":"https:\/\/odigo.com\/fr\/person\/dounia-el-guasmi\/#breadcrumb","itemListElement":[{"@type":"ListItem","position":1,"name":"Accueil","item":"https:\/\/odigo.com\/fr\/"},{"@type":"ListItem","position":2,"name":"Dounia El Guasmi"}]},{"@type":"WebSite","@id":"https:\/\/odigo.com\/fr\/#website","url":"https:\/\/odigo.com\/fr\/","name":"Odigo","description":"","publisher":{"@id":"https:\/\/odigo.com\/fr\/#organization"},"potentialAction":[{"@type":"SearchAction","target":{"@type":"EntryPoint","urlTemplate":"https:\/\/odigo.com\/fr\/?s={search_term_string}"},"query-input":{"@type":"PropertyValueSpecification","valueRequired":true,"valueName":"search_term_string"}}],"inLanguage":"fr-FR"},{"@type":"Organization","@id":"https:\/\/odigo.com\/fr\/#organization","name":"Odigo","url":"https:\/\/odigo.com\/fr\/","logo":{"@type":"ImageObject","inLanguage":"fr-FR","@id":"https:\/\/odigo.com\/fr\/#\/schema\/logo\/image\/","url":"https:\/\/odigo.com\/wp-content\/uploads\/2026\/03\/logo-odigo.svg","contentUrl":"https:\/\/odigo.com\/wp-content\/uploads\/2026\/03\/logo-odigo.svg","width":142,"height":63,"caption":"Odigo"},"image":{"@id":"https:\/\/odigo.com\/fr\/#\/schema\/logo\/image\/"}}]}},"_links":{"self":[{"href":"https:\/\/odigo.com\/fr\/wp-json\/wp\/v2\/person\/7883","targetHints":{"allow":["GET"]}}],"collection":[{"href":"https:\/\/odigo.com\/fr\/wp-json\/wp\/v2\/person"}],"about":[{"href":"https:\/\/odigo.com\/fr\/wp-json\/wp\/v2\/types\/person"}],"author":[{"embeddable":true,"href":"https:\/\/odigo.com\/fr\/wp-json\/wp\/v2\/users\/1"}],"version-history":[{"count":1,"href":"https:\/\/odigo.com\/fr\/wp-json\/wp\/v2\/person\/7883\/revisions"}],"predecessor-version":[{"id":196864,"href":"https:\/\/odigo.com\/fr\/wp-json\/wp\/v2\/person\/7883\/revisions\/196864"}],"wp:featuredmedia":[{"embeddable":true,"href":"https:\/\/odigo.com\/fr\/wp-json\/wp\/v2\/media\/196747"}],"wp:attachment":[{"href":"https:\/\/odigo.com\/fr\/wp-json\/wp\/v2\/media?parent=7883"}],"wp:term":[{"taxonomy":"post_tag","embeddable":true,"href":"https:\/\/odigo.com\/fr\/wp-json\/wp\/v2\/tags?post=7883"},{"taxonomy":"person-type","embeddable":true,"href":"https:\/\/odigo.com\/fr\/wp-json\/wp\/v2\/person-type?post=7883"},{"taxonomy":"topic","embeddable":true,"href":"https:\/\/odigo.com\/fr\/wp-json\/wp\/v2\/topic?post=7883"}],"curies":[{"name":"wp","href":"https:\/\/api.w.org\/{rel}","templated":true}]}}