{"id":7914,"date":"2021-08-03T09:29:30","date_gmt":"2021-08-03T09:29:30","guid":{"rendered":"https:\/\/www.odigo.com\/fr-fr\/?post_type=podcast&#038;p=7914"},"modified":"2026-03-28T00:43:20","modified_gmt":"2026-03-27T23:43:20","slug":"s1-ep6-et-lemotion-du-collaborateur-alors","status":"publish","type":"podcast","link":"https:\/\/odigo.com\/fr\/podcast\/s1-ep6-et-lemotion-du-collaborateur-alors\/","title":{"rendered":"S1 &#8211; Ep6 &#8211; Et l&rsquo;\u00e9motion du collaborateur alors ?"},"content":{"rendered":"    <section\n        class=\"  section article-body podcast-article-body article-white \">\n\n                <div class=\"container\">\n            <div class=\"row\">\n\n                <div class=\"col-12 article-text\">\n                    \n\n<p><span style=\"text-decoration: underline\">Retrouvez ce podcast sur<\/span> : <a href=\"https:\/\/podcasts.apple.com\/fr\/podcast\/cx-voices\/id1559921002\" target=\"_blank\" rel=\"noreferrer noopener\">Apple podcast<\/a> \/\/ <a href=\"https:\/\/open.spotify.com\/show\/4H1O7gVLBxvAFNSemKmUSC\" target=\"_blank\" rel=\"noreferrer noopener\">spotify<\/a>  <\/p>\n\n\n\n<p>Dans ce sixi\u00e8me \u00e9pisode de CX voices, le podcast d&rsquo;Odigo, nous recevons <strong><span style=\"color:#ff3466\" class=\"has-inline-color\">Fran\u00e7ois Julia<\/span>, <\/strong>Directeur des Op\u00e9rations de la Relation Client \u00e0 Distance de la SNCF, et <strong><span style=\"color:#ff3466\" class=\"has-inline-color\">Jean-Jacques Gressier<\/span><\/strong>, Fondateur et Pr\u00e9sident de l&rsquo;Acad\u00e9mie du Service. Ensemble, ils explorent le passionnant sujet de l&rsquo;\u00e9motion du collaborateur. <\/p>\n\n\n\n<p>Odigo a le plaisir de recevoir Fran\u00e7ois Julia, Directeur de la Relation Client \u00e0 Distance de la SNCF.<\/p>\n\n\n\n<p>Notre second invit\u00e9 est Jean-Jacques Gressier, Fondateur et pr\u00e9sident de l\u2019Acad\u00e9mie du Service, mais aussi auteur et co-auteur de plusieurs livres de r\u00e9f\u00e9rence sur le sujet de l\u2019exp\u00e9rience client et du management dont :<\/p>\n\n\n\n<p>\u2022 Manifeste de la Sym\u00e9trie des Attentions 2021 : la place des femmes dans les organisations (\u00e9ditions Acad\u00e9mie du Service, 2020)<\/p>\n\n\n\n<p>\u2022 Managers, dirigeants, lib\u00e9rez-vous ! (\u00e9ditions Vuibert, 2017) \u2022 \u00ab Servir ou dispara\u00eetre\u2026 Quand l\u2019esprit de service devient une n\u00e9cessit\u00e9 pour l\u2019entreprise \u00bb (\u00e9ditions Vuibert, 2012) <\/p>\n\n\n\n<p><mark style=\"background-color:rgba(0, 0, 0, 0)\" class=\"has-inline-color has-black-color\"><span style=\"text-decoration: underline;\">L&rsquo;objectif de cet \u00e9pisode ?<\/span><\/mark>  Souligner \u00e0 quel point<strong><mark style=\"background-color:rgba(0, 0, 0, 0);color:#ff3466\" class=\"has-inline-color\"> il est important de prendre en compte les \u00e9motions du collaborateur <\/mark><\/strong>et apporter des r\u00e9ponses \u00e0 des questions comme :<\/p>\n\n\n\n<p>\u2022 Les collaborateurs peuvent-ils fournir un service client de qualit\u00e9 et cr\u00e9er des \u00e9motions positives si en interne on ne s\u2019occupe pas bien d\u2019eux ?<\/p>\n\n\n\n<p>\u2022 Comment g\u00e9rer au mieux les changements de conditions de travail ?<\/p>\n\n\n\n<p>\u2022 Quel accompagnement fournir aux conseillers pour appr\u00e9hender au mieux les \u00e9motions des clients (frustration, agacement, col\u00e8re) ? <\/p>\n\n\n\n<p>\u2022 Comment engager et mobiliser ses \u00e9quipes pour proposer la meilleure exp\u00e9rience client possible ?<\/p>\n\n\n\n<p>\u00c0 vos \u00e9couteurs !<\/p>\n\n                <\/div>\n\n            <\/div>\n        <\/div>\n\n    <\/section>\n    \n\n    <section\n        class=\"  section article-body podcast-article-body article-white \">\n\n                <div class=\"container\">\n            <div class=\"row\">\n\n                <div class=\"col-12 article-text\">\n                    \n\n<p>Si le podcast vous pla\u00eet et vous aide dans vos r\u00e9flexions, le meilleur moyen de nous le dire, ou de nous partager un feedback constructif, c\u2019est simplement de laisser un avis (5 \u00e9toiles de pr\u00e9f\u00e9rence) sur Apple Podcasts.<\/p>\n\n\n\n<p>Vous pouvez \u00e9galement partager ce podcast autour de vous. Je suis s\u00fbr que vous connaissez quelqu\u2019un qui aimerait beaucoup \u00e9couter des conversations inspirantes sur l\u2019\u00e9cosyst\u00e8me de la relation client \ud83d\ude09<\/p>\n\n\n\n<p>C\u2019est gr\u00e2ce \u00e0 vos feedbacks et vos partages que nous allons pouvoir faire conna\u00eetre ce podcast et toucher de nouvelles personnes, alors n\u2019h\u00e9sitez pas !<\/p>\n\n\n\n<p>Si vous avez des questions sur le podcast ou des personnes que vous aimeriez que j\u2019interview, vous pouvez me contacter directement sur :&nbsp;<strong><mark style=\"background-color:rgba(0, 0, 0, 0);color:#ff3466\" class=\"has-inline-color\"><strong><strong><strong>contact.odigo.fr@odigo.com<\/strong> <\/strong><\/strong><\/mark><\/strong><\/p>\n\n                <\/div>\n\n            <\/div>\n        <\/div>\n\n    <\/section>\n    ","protected":false},"excerpt":{"rendered":"","protected":false},"author":1,"featured_media":10320,"template":"","meta":{"_acf_changed":false,"footnotes":"","reading_time":"16 min","embed":"<iframe width=\"100%\" height=\"166\" scrolling=\"no\" frameborder=\"no\" allow=\"autoplay\" src=\"https:\/\/w.soundcloud.com\/player\/?url=https%3A\/\/api.soundcloud.com\/tracks\/1071117034&color=fa3363\"><\/iframe><div style=\"font-size: 10px; color: #cccccc;line-break: anywhere;word-break: normal;overflow: hidden;white-space: nowrap;text-overflow: ellipsis; font-family: Interstate,Lucida Grande,Lucida Sans Unicode,Lucida Sans,Garuda,Verdana,Tahoma,sans-serif;font-weight: 100;\"><a href=\"https:\/\/soundcloud.com\/odigocx\" title=\"Odigo\" target=\"_blank\" style=\"color: #cccccc; text-decoration: none;\">Odigo<\/a> \u00b7 <a href=\"https:\/\/soundcloud.com\/odigocx\/et-lemotion-du-collaborateur\" title=\"Et l&#x27;\u00e9motion du collaborateur alors ?\" target=\"_blank\" style=\"color: #cccccc; text-decoration: none;\">Et l&#x27;\u00e9motion du collaborateur alors ?<\/a><\/div>"},"tags":[],"topic":[],"podcast-season":[234,237],"class_list":["post-7914","podcast","type-podcast","status-publish","has-post-thumbnail","hentry","podcast-season-saison-1","podcast-season-season-1"],"acf":[],"yoast_head":"<!-- This site is optimized with the Yoast SEO plugin v27.5 - https:\/\/yoast.com\/product\/yoast-seo-wordpress\/ -->\n<title>Et l&#039;\u00e9motion du collaborateur alors ?<\/title>\n<meta name=\"description\" content=\"Dans ce sixi\u00e8me \u00e9pisode de CX voices, Nos deux invit\u00e9s nous parlent de prendre en compte les \u00e9motions du collaborateur\" \/>\n<meta name=\"robots\" content=\"noindex, follow\" \/>\n<meta property=\"og:locale\" content=\"fr_FR\" \/>\n<meta property=\"og:type\" content=\"article\" \/>\n<meta property=\"og:title\" content=\"Et l&#039;\u00e9motion du collaborateur alors ?\" \/>\n<meta property=\"og:description\" content=\"Dans ce sixi\u00e8me \u00e9pisode de CX voices, Nos deux invit\u00e9s nous parlent de prendre en compte les \u00e9motions du collaborateur\" \/>\n<meta property=\"og:url\" content=\"https:\/\/odigo.com\/fr\/podcast\/s1-ep6-et-lemotion-du-collaborateur-alors\/\" \/>\n<meta property=\"og:site_name\" content=\"Odigo\" \/>\n<meta property=\"article:modified_time\" content=\"2026-03-27T23:43:20+00:00\" \/>\n<meta property=\"og:image\" content=\"https:\/\/odigo.com\/wp-content\/uploads\/2021\/08\/MicrosoftTeams-image-27.png\" \/>\n\t<meta property=\"og:image:width\" content=\"511\" \/>\n\t<meta property=\"og:image:height\" content=\"321\" \/>\n\t<meta property=\"og:image:type\" content=\"image\/png\" \/>\n<meta name=\"twitter:card\" content=\"summary_large_image\" \/>\n<meta name=\"twitter:label1\" content=\"Dur\u00e9e de lecture estim\u00e9e\" \/>\n\t<meta name=\"twitter:data1\" content=\"2 minutes\" \/>\n<script type=\"application\/ld+json\" class=\"yoast-schema-graph\">{\"@context\":\"https:\\\/\\\/schema.org\",\"@graph\":[{\"@type\":\"WebPage\",\"@id\":\"https:\\\/\\\/odigo.com\\\/fr\\\/podcast\\\/s1-ep6-et-lemotion-du-collaborateur-alors\\\/\",\"url\":\"https:\\\/\\\/odigo.com\\\/fr\\\/podcast\\\/s1-ep6-et-lemotion-du-collaborateur-alors\\\/\",\"name\":\"Et l'\u00e9motion du collaborateur alors ?\",\"isPartOf\":{\"@id\":\"https:\\\/\\\/odigo.com\\\/fr\\\/#website\"},\"primaryImageOfPage\":{\"@id\":\"https:\\\/\\\/odigo.com\\\/fr\\\/podcast\\\/s1-ep6-et-lemotion-du-collaborateur-alors\\\/#primaryimage\"},\"image\":{\"@id\":\"https:\\\/\\\/odigo.com\\\/fr\\\/podcast\\\/s1-ep6-et-lemotion-du-collaborateur-alors\\\/#primaryimage\"},\"thumbnailUrl\":\"https:\\\/\\\/odigo.com\\\/wp-content\\\/uploads\\\/2021\\\/08\\\/MicrosoftTeams-image-27.png\",\"datePublished\":\"2021-08-03T09:29:30+00:00\",\"dateModified\":\"2026-03-27T23:43:20+00:00\",\"description\":\"Dans ce sixi\u00e8me \u00e9pisode de CX voices, Nos deux invit\u00e9s nous parlent de prendre en compte les \u00e9motions du collaborateur\",\"breadcrumb\":{\"@id\":\"https:\\\/\\\/odigo.com\\\/fr\\\/podcast\\\/s1-ep6-et-lemotion-du-collaborateur-alors\\\/#breadcrumb\"},\"inLanguage\":\"fr-FR\",\"potentialAction\":[{\"@type\":\"ReadAction\",\"target\":[\"https:\\\/\\\/odigo.com\\\/fr\\\/podcast\\\/s1-ep6-et-lemotion-du-collaborateur-alors\\\/\"]}]},{\"@type\":\"ImageObject\",\"inLanguage\":\"fr-FR\",\"@id\":\"https:\\\/\\\/odigo.com\\\/fr\\\/podcast\\\/s1-ep6-et-lemotion-du-collaborateur-alors\\\/#primaryimage\",\"url\":\"https:\\\/\\\/odigo.com\\\/wp-content\\\/uploads\\\/2021\\\/08\\\/MicrosoftTeams-image-27.png\",\"contentUrl\":\"https:\\\/\\\/odigo.com\\\/wp-content\\\/uploads\\\/2021\\\/08\\\/MicrosoftTeams-image-27.png\",\"width\":511,\"height\":321},{\"@type\":\"BreadcrumbList\",\"@id\":\"https:\\\/\\\/odigo.com\\\/fr\\\/podcast\\\/s1-ep6-et-lemotion-du-collaborateur-alors\\\/#breadcrumb\",\"itemListElement\":[{\"@type\":\"ListItem\",\"position\":1,\"name\":\"Accueil\",\"item\":\"https:\\\/\\\/odigo.com\\\/fr\\\/\"},{\"@type\":\"ListItem\",\"position\":2,\"name\":\"Podcasts\",\"item\":\"https:\\\/\\\/odigo.com\\\/fr\\\/podcast\\\/\"},{\"@type\":\"ListItem\",\"position\":3,\"name\":\"S1 &#8211; Ep6 &#8211; Et l&#8217;\u00e9motion du collaborateur alors ?\"}]},{\"@type\":\"WebSite\",\"@id\":\"https:\\\/\\\/odigo.com\\\/fr\\\/#website\",\"url\":\"https:\\\/\\\/odigo.com\\\/fr\\\/\",\"name\":\"Odigo\",\"description\":\"\",\"publisher\":{\"@id\":\"https:\\\/\\\/odigo.com\\\/fr\\\/#organization\"},\"potentialAction\":[{\"@type\":\"SearchAction\",\"target\":{\"@type\":\"EntryPoint\",\"urlTemplate\":\"https:\\\/\\\/odigo.com\\\/fr\\\/?s={search_term_string}\"},\"query-input\":{\"@type\":\"PropertyValueSpecification\",\"valueRequired\":true,\"valueName\":\"search_term_string\"}}],\"inLanguage\":\"fr-FR\"},{\"@type\":\"Organization\",\"@id\":\"https:\\\/\\\/odigo.com\\\/fr\\\/#organization\",\"name\":\"Odigo\",\"url\":\"https:\\\/\\\/odigo.com\\\/fr\\\/\",\"logo\":{\"@type\":\"ImageObject\",\"inLanguage\":\"fr-FR\",\"@id\":\"https:\\\/\\\/odigo.com\\\/fr\\\/#\\\/schema\\\/logo\\\/image\\\/\",\"url\":\"https:\\\/\\\/odigo.com\\\/wp-content\\\/uploads\\\/2026\\\/03\\\/logo-odigo.svg\",\"contentUrl\":\"https:\\\/\\\/odigo.com\\\/wp-content\\\/uploads\\\/2026\\\/03\\\/logo-odigo.svg\",\"width\":142,\"height\":63,\"caption\":\"Odigo\"},\"image\":{\"@id\":\"https:\\\/\\\/odigo.com\\\/fr\\\/#\\\/schema\\\/logo\\\/image\\\/\"}}]}<\/script>\n<!-- \/ Yoast SEO plugin. -->","yoast_head_json":{"title":"Et l'\u00e9motion du collaborateur alors ?","description":"Dans ce sixi\u00e8me \u00e9pisode de CX voices, Nos deux invit\u00e9s nous parlent de prendre en compte les \u00e9motions du collaborateur","robots":{"index":"noindex","follow":"follow"},"og_locale":"fr_FR","og_type":"article","og_title":"Et l'\u00e9motion du collaborateur alors ?","og_description":"Dans ce sixi\u00e8me \u00e9pisode de CX voices, Nos deux invit\u00e9s nous parlent de prendre en compte les \u00e9motions du collaborateur","og_url":"https:\/\/odigo.com\/fr\/podcast\/s1-ep6-et-lemotion-du-collaborateur-alors\/","og_site_name":"Odigo","article_modified_time":"2026-03-27T23:43:20+00:00","og_image":[{"width":511,"height":321,"url":"https:\/\/odigo.com\/wp-content\/uploads\/2021\/08\/MicrosoftTeams-image-27.png","type":"image\/png"}],"twitter_card":"summary_large_image","twitter_misc":{"Dur\u00e9e de lecture estim\u00e9e":"2 minutes"},"schema":{"@context":"https:\/\/schema.org","@graph":[{"@type":"WebPage","@id":"https:\/\/odigo.com\/fr\/podcast\/s1-ep6-et-lemotion-du-collaborateur-alors\/","url":"https:\/\/odigo.com\/fr\/podcast\/s1-ep6-et-lemotion-du-collaborateur-alors\/","name":"Et l'\u00e9motion du collaborateur alors ?","isPartOf":{"@id":"https:\/\/odigo.com\/fr\/#website"},"primaryImageOfPage":{"@id":"https:\/\/odigo.com\/fr\/podcast\/s1-ep6-et-lemotion-du-collaborateur-alors\/#primaryimage"},"image":{"@id":"https:\/\/odigo.com\/fr\/podcast\/s1-ep6-et-lemotion-du-collaborateur-alors\/#primaryimage"},"thumbnailUrl":"https:\/\/odigo.com\/wp-content\/uploads\/2021\/08\/MicrosoftTeams-image-27.png","datePublished":"2021-08-03T09:29:30+00:00","dateModified":"2026-03-27T23:43:20+00:00","description":"Dans ce sixi\u00e8me \u00e9pisode de CX voices, Nos deux invit\u00e9s nous parlent de prendre en compte les \u00e9motions du collaborateur","breadcrumb":{"@id":"https:\/\/odigo.com\/fr\/podcast\/s1-ep6-et-lemotion-du-collaborateur-alors\/#breadcrumb"},"inLanguage":"fr-FR","potentialAction":[{"@type":"ReadAction","target":["https:\/\/odigo.com\/fr\/podcast\/s1-ep6-et-lemotion-du-collaborateur-alors\/"]}]},{"@type":"ImageObject","inLanguage":"fr-FR","@id":"https:\/\/odigo.com\/fr\/podcast\/s1-ep6-et-lemotion-du-collaborateur-alors\/#primaryimage","url":"https:\/\/odigo.com\/wp-content\/uploads\/2021\/08\/MicrosoftTeams-image-27.png","contentUrl":"https:\/\/odigo.com\/wp-content\/uploads\/2021\/08\/MicrosoftTeams-image-27.png","width":511,"height":321},{"@type":"BreadcrumbList","@id":"https:\/\/odigo.com\/fr\/podcast\/s1-ep6-et-lemotion-du-collaborateur-alors\/#breadcrumb","itemListElement":[{"@type":"ListItem","position":1,"name":"Accueil","item":"https:\/\/odigo.com\/fr\/"},{"@type":"ListItem","position":2,"name":"Podcasts","item":"https:\/\/odigo.com\/fr\/podcast\/"},{"@type":"ListItem","position":3,"name":"S1 &#8211; Ep6 &#8211; Et l&#8217;\u00e9motion du collaborateur alors ?"}]},{"@type":"WebSite","@id":"https:\/\/odigo.com\/fr\/#website","url":"https:\/\/odigo.com\/fr\/","name":"Odigo","description":"","publisher":{"@id":"https:\/\/odigo.com\/fr\/#organization"},"potentialAction":[{"@type":"SearchAction","target":{"@type":"EntryPoint","urlTemplate":"https:\/\/odigo.com\/fr\/?s={search_term_string}"},"query-input":{"@type":"PropertyValueSpecification","valueRequired":true,"valueName":"search_term_string"}}],"inLanguage":"fr-FR"},{"@type":"Organization","@id":"https:\/\/odigo.com\/fr\/#organization","name":"Odigo","url":"https:\/\/odigo.com\/fr\/","logo":{"@type":"ImageObject","inLanguage":"fr-FR","@id":"https:\/\/odigo.com\/fr\/#\/schema\/logo\/image\/","url":"https:\/\/odigo.com\/wp-content\/uploads\/2026\/03\/logo-odigo.svg","contentUrl":"https:\/\/odigo.com\/wp-content\/uploads\/2026\/03\/logo-odigo.svg","width":142,"height":63,"caption":"Odigo"},"image":{"@id":"https:\/\/odigo.com\/fr\/#\/schema\/logo\/image\/"}}]}},"_links":{"self":[{"href":"https:\/\/odigo.com\/fr\/wp-json\/wp\/v2\/podcast\/7914","targetHints":{"allow":["GET"]}}],"collection":[{"href":"https:\/\/odigo.com\/fr\/wp-json\/wp\/v2\/podcast"}],"about":[{"href":"https:\/\/odigo.com\/fr\/wp-json\/wp\/v2\/types\/podcast"}],"author":[{"embeddable":true,"href":"https:\/\/odigo.com\/fr\/wp-json\/wp\/v2\/users\/1"}],"version-history":[{"count":5,"href":"https:\/\/odigo.com\/fr\/wp-json\/wp\/v2\/podcast\/7914\/revisions"}],"predecessor-version":[{"id":1009006,"href":"https:\/\/odigo.com\/fr\/wp-json\/wp\/v2\/podcast\/7914\/revisions\/1009006"}],"wp:featuredmedia":[{"embeddable":true,"href":"https:\/\/odigo.com\/fr\/wp-json\/wp\/v2\/media\/10320"}],"wp:attachment":[{"href":"https:\/\/odigo.com\/fr\/wp-json\/wp\/v2\/media?parent=7914"}],"wp:term":[{"taxonomy":"post_tag","embeddable":true,"href":"https:\/\/odigo.com\/fr\/wp-json\/wp\/v2\/tags?post=7914"},{"taxonomy":"topic","embeddable":true,"href":"https:\/\/odigo.com\/fr\/wp-json\/wp\/v2\/topic?post=7914"},{"taxonomy":"podcast-season","embeddable":true,"href":"https:\/\/odigo.com\/fr\/wp-json\/wp\/v2\/podcast-season?post=7914"}],"curies":[{"name":"wp","href":"https:\/\/api.w.org\/{rel}","templated":true}]}}